{"id":688907,"date":"2025-12-22T15:33:09","date_gmt":"2025-12-22T12:33:09","guid":{"rendered":"https:\/\/nbg.eu\/product\/hyllus-duffel-militaergruen-45-liter\/"},"modified":"2026-04-15T14:22:15","modified_gmt":"2026-04-15T11:22:15","slug":"hyllus-duffel-militaergruen-45-liter","status":"publish","type":"product","link":"https:\/\/nbg.eu\/de\/produkt\/hyllus-duffel-militaergruen-45-liter\/","title":{"rendered":"Eberlestock Reisetasche Hyllus &#8211; 45 Liter"},"content":{"rendered":"<h2>Hyllus Duffel- 45 Liter<\/h2>\n<p>Der Hyllus Duffel ist eine wasserfeste, extrem robuste Duffeltasche, die perfekt zum Verstauen von Ausr\u00fcstung im Pickup oder im Handgep\u00e4ckfach geeignet ist. Der Boden und die Seitenw\u00e4nde bestehen aus 1000D TPU-beschichtetem Nylon, und die Oberseite ist aus 500D TPU-beschichtetem Nylon-Ripstop.<\/p>\n<p>Innen- und Au\u00dfentaschen mit Rei\u00dfverschluss erleichtern die \u00fcbersichtliche und sichere Aufbewahrung kleiner Gegenst\u00e4nde, w\u00e4hrend eine gro\u00dfe \u00d6ffnung zum Hauptfach das schnelle Verstauen von Kleidung und gro\u00dfen Artikeln erm\u00f6glicht. Der Hyllus verf\u00fcgt \u00fcber einen Gurtband-Tragegriff, der bequem an einem ausziehbaren Gep\u00e4ckgriff befestigt werden kann.<\/p>\n<h2>Abmessungen<\/h2>\n<p>Volumen 45L: 2746ci<br \/>\nGewicht 45L: 2Lb<br \/>\nAbmessungen 45L: 10Hx22Lx12W<\/p>\n<h2>Merkmale<\/h2>\n<ul>\n<li>Wasserfeste Konstruktion<\/li>\n<li>Gro\u00dfes Hauptfach mit innen liegenden Organisationstaschen mit Rei\u00dfverschluss<\/li>\n<li>Externe Rei\u00dfverschlusstaschen an beiden Seiten und der Vorderseite<\/li>\n<li>Tragegriffe f\u00fcr Duffeltaschen<\/li>\n<\/ul>\n","protected":false},"excerpt":{"rendered":"<p>Der Hyllus-Reisetasche ist ein wasserresistenter, extrem robuster 45-Liter-Rucksack, der perfekt f\u00fcr Ausr\u00fcstung im Pickup oder in der Gep\u00e4ckablage ist.<\/p>\n","protected":false},"featured_media":705359,"template":"","meta":{"_acf_changed":false},"product_brand":[15152],"product_cat":[12047],"product_tag":[],"class_list":{"0":"post-688907","1":"product","2":"type-product","3":"status-publish","4":"has-post-thumbnail","6":"product_brand-eberlestock","7":"product_cat-rangetaschen","9":"first","10":"instock","11":"taxable","12":"shipping-taxable","13":"purchasable","14":"product-type-variable","15":"wvs-archive-product-wrapper"},"acf":[],"_links":{"self":[{"href":"https:\/\/nbg.eu\/de\/wp-json\/wp\/v2\/product\/688907","targetHints":{"allow":["GET"]}}],"collection":[{"href":"https:\/\/nbg.eu\/de\/wp-json\/wp\/v2\/product"}],"about":[{"href":"https:\/\/nbg.eu\/de\/wp-json\/wp\/v2\/types\/product"}],"wp:featuredmedia":[{"embeddable":true,"href":"https:\/\/nbg.eu\/de\/wp-json\/wp\/v2\/media\/705359"}],"wp:attachment":[{"href":"https:\/\/nbg.eu\/de\/wp-json\/wp\/v2\/media?parent=688907"}],"wp:term":[{"taxonomy":"product_brand","embeddable":true,"href":"https:\/\/nbg.eu\/de\/wp-json\/wp\/v2\/product_brand?post=688907"},{"taxonomy":"product_cat","embeddable":true,"href":"https:\/\/nbg.eu\/de\/wp-json\/wp\/v2\/product_cat?post=688907"},{"taxonomy":"product_tag","embeddable":true,"href":"https:\/\/nbg.eu\/de\/wp-json\/wp\/v2\/product_tag?post=688907"}],"curies":[{"name":"wp","href":"https:\/\/api.w.org\/{rel}","templated":true}]}}