{"id":696846,"date":"2025-12-22T15:47:55","date_gmt":"2025-12-22T12:47:55","guid":{"rendered":"https:\/\/nbg.eu\/product\/mission-arc-multicam\/"},"modified":"2026-04-15T14:22:05","modified_gmt":"2026-04-15T11:22:05","slug":"mission-arc-multicam","status":"publish","type":"product","link":"https:\/\/nbg.eu\/de\/produkt\/mission-arc-multicam\/","title":{"rendered":"Eberlestock Mission ARC &#8211; Multicam"},"content":{"rendered":"<h2>Mission ARC-Multicam: Optimierter Lastentr\u00e4ger f\u00fcr operative Effizienz<\/h2>\n<p>Der Mission Adjustable Rifle Carrier (ARC) ist eine funktionale Ressource f\u00fcr Profis, die zus\u00e4tzliche Ausr\u00fcstung im Einsatz tragen m\u00fcssen. Der ARC erh\u00f6ht die operative Kapazit\u00e4t und ist so konzipiert, dass er mit dem Mission EMOD-Rahmen und der Mission Zipper Extension zusammenarbeitet. Durch Befestigung am Heck des Mission-Rahmens \u00fcber MOLLE-Gurte fungiert der ARC als Tr\u00e4ger f\u00fcr Pr\u00e4zisionsgewehre, AR-Plattformen und kann andere einsatzkritische Ausr\u00fcstung transportieren.<\/p>\n<p>Missionserf\u00fcllung h\u00e4ngt von pr\u00e4ziser Zeiteinhaltung, Genauigkeit und der effizienten Bereitstellung verf\u00fcgbarer Ressourcen ab. Der ARC wurde entwickelt, um den Ausr\u00fcstungsbedarf in jeder Umgebung zu unterst\u00fctzen. Mit seinem 500D-Gewebe, einem verstellbaren Sockel, MOLLE-Gurten, Halteriemen und einer verst\u00e4rkten Hypalon-Basis ist der Mission ARC-Multicam so konzipiert, dass er eine optimale Ausr\u00fcstungsorganisation und -zug\u00e4nglichkeit im Feld erm\u00f6glicht.<\/p>\n<p>Abmessungen: 38 cm H x 8 cm B<\/p>\n","protected":false},"excerpt":{"rendered":"<p>Die Mission ARC-Multicam ist ein funktioneller, verstellbarer Gewehrtr\u00e4ger, der am Mission EMOD-Rahmen befestigt wird, um den Transport von Pr\u00e4zisionsgewehren, AR-Plattformen und einsatzkritischem Zubeh\u00f6r zu erm\u00f6glichen.<\/p>\n","protected":false},"featured_media":696868,"template":"","meta":{"_acf_changed":false},"product_brand":[15152],"product_cat":[12051],"product_tag":[],"class_list":{"0":"post-696846","1":"product","2":"type-product","3":"status-publish","4":"has-post-thumbnail","6":"product_brand-eberlestock","7":"product_cat-rucksaecke","9":"first","10":"instock","11":"taxable","12":"shipping-taxable","13":"purchasable","14":"product-type-variable","15":"wvs-archive-product-wrapper"},"acf":[],"_links":{"self":[{"href":"https:\/\/nbg.eu\/de\/wp-json\/wp\/v2\/product\/696846","targetHints":{"allow":["GET"]}}],"collection":[{"href":"https:\/\/nbg.eu\/de\/wp-json\/wp\/v2\/product"}],"about":[{"href":"https:\/\/nbg.eu\/de\/wp-json\/wp\/v2\/types\/product"}],"wp:featuredmedia":[{"embeddable":true,"href":"https:\/\/nbg.eu\/de\/wp-json\/wp\/v2\/media\/696868"}],"wp:attachment":[{"href":"https:\/\/nbg.eu\/de\/wp-json\/wp\/v2\/media?parent=696846"}],"wp:term":[{"taxonomy":"product_brand","embeddable":true,"href":"https:\/\/nbg.eu\/de\/wp-json\/wp\/v2\/product_brand?post=696846"},{"taxonomy":"product_cat","embeddable":true,"href":"https:\/\/nbg.eu\/de\/wp-json\/wp\/v2\/product_cat?post=696846"},{"taxonomy":"product_tag","embeddable":true,"href":"https:\/\/nbg.eu\/de\/wp-json\/wp\/v2\/product_tag?post=696846"}],"curies":[{"name":"wp","href":"https:\/\/api.w.org\/{rel}","templated":true}]}}