{"id":697537,"date":"2025-12-22T17:34:47","date_gmt":"2025-12-22T14:34:47","guid":{"rendered":"https:\/\/nbg.eu\/product\/bang-bang-reichweitentasche\/"},"modified":"2026-04-15T14:21:51","modified_gmt":"2026-04-15T11:21:51","slug":"bang-bang-reichweitentasche","status":"publish","type":"product","link":"https:\/\/nbg.eu\/de\/produkt\/bang-bang-reichweitentasche\/","title":{"rendered":"Eberlestock Schie\u00dfstandtasche Bang-Bang"},"content":{"rendered":"<h2>Bang-Bang Gel\u00e4ndetasche<\/h2>\n<p>Die Bang Bang\u2122 wurde als kompakte Gel\u00e4ndetasche entwickelt, um all Ihre wichtige Ausr\u00fcstung aufzunehmen und vor Witterungseinfl\u00fcssen zu sch\u00fctzen. Der Polycarbonatboden macht die Tasche unempfindlich gegen nassen Boden, Felsen, Schmutz und Staub vom Schie\u00dfstand.<\/p>\n<p>Das Hauptfach verf\u00fcgt \u00fcber konfigurierbare, gepolsterte Trennw\u00e4nde, um medizinische Artikel, Werkzeuge, Fotoausr\u00fcstung und Schie\u00dfplatzausr\u00fcstung sicher und ordentlich aufzubewahren. Das Bodenfach unten ist perfekt f\u00fcr Handfeuerwaffen, Werkzeuge oder sogar eine kompakte B\u00fcchse.<\/p>\n<h2>Abmessungen<\/h2>\n<p>Volumen: 2062,5 c.i. \/ 33,80L<br \/>\nGewicht: 4 lbs<br \/>\nAbmessungen: 10,25H x 21B x 10T<br \/>\nBodenfach-Spezifikationen 21,5&#8243; L x 9,5&#8243; B x 2&#8243; T<\/p>\n<h2>Merkmale<\/h2>\n<ul>\n<li>Polycarbonatbodengeh\u00e4use<\/li>\n<li>Gepolstertes konfigurierbares Hauptfach<\/li>\n<li>Verstellbarer Schultergurt<\/li>\n<li>Anpassbare Organizer-Trennw\u00e4nde<\/li>\n<li>Bodenfach f\u00fcr sichere Aufbewahrung<\/li>\n<\/ul>\n","protected":false},"excerpt":{"rendered":"<p>Der Bang-Bang Rucksack ist ein kompakter, strapazierf\u00e4higer Rucksack mit einer Polykarbonatbasis und einem konfigurierbaren Inneren, um Ihre wichtige Ausr\u00fcstung zu sch\u00fctzen.<\/p>\n","protected":false},"featured_media":697565,"template":"","meta":{"_acf_changed":false},"product_brand":[15152],"product_cat":[12047],"product_tag":[],"class_list":{"0":"post-697537","1":"product","2":"type-product","3":"status-publish","4":"has-post-thumbnail","6":"product_brand-eberlestock","7":"product_cat-rangetaschen","9":"first","10":"instock","11":"taxable","12":"shipping-taxable","13":"purchasable","14":"product-type-variable","15":"wvs-archive-product-wrapper"},"acf":[],"_links":{"self":[{"href":"https:\/\/nbg.eu\/de\/wp-json\/wp\/v2\/product\/697537","targetHints":{"allow":["GET"]}}],"collection":[{"href":"https:\/\/nbg.eu\/de\/wp-json\/wp\/v2\/product"}],"about":[{"href":"https:\/\/nbg.eu\/de\/wp-json\/wp\/v2\/types\/product"}],"wp:featuredmedia":[{"embeddable":true,"href":"https:\/\/nbg.eu\/de\/wp-json\/wp\/v2\/media\/697565"}],"wp:attachment":[{"href":"https:\/\/nbg.eu\/de\/wp-json\/wp\/v2\/media?parent=697537"}],"wp:term":[{"taxonomy":"product_brand","embeddable":true,"href":"https:\/\/nbg.eu\/de\/wp-json\/wp\/v2\/product_brand?post=697537"},{"taxonomy":"product_cat","embeddable":true,"href":"https:\/\/nbg.eu\/de\/wp-json\/wp\/v2\/product_cat?post=697537"},{"taxonomy":"product_tag","embeddable":true,"href":"https:\/\/nbg.eu\/de\/wp-json\/wp\/v2\/product_tag?post=697537"}],"curies":[{"name":"wp","href":"https:\/\/api.w.org\/{rel}","templated":true}]}}