{"id":704238,"date":"2025-12-23T12:08:03","date_gmt":"2025-12-23T09:08:03","guid":{"rendered":"https:\/\/nbg.eu\/product\/banditen-pack\/"},"modified":"2026-04-24T15:09:56","modified_gmt":"2026-04-24T12:09:56","slug":"banditen-pack","status":"publish","type":"product","link":"https:\/\/nbg.eu\/de\/produkt\/banditen-pack\/","title":{"rendered":"Eberlestock Bandit Rucksack"},"content":{"rendered":"<h2>Bandit Pack \u2013 Der vielseitige Begleiter f\u00fcr ganzt\u00e4gige Abenteuer<\/h2>\n<p>Der vielseitigste Rucksack in unserer t\u00e4glichen Trageauswahl, der Bandit\u2122, ist f\u00fcr ganzt\u00e4gige Jagd- und Wandertouren konzipiert. Das \u00e4u\u00dfere Versorgungspanel verf\u00fcgt \u00fcber lasergeschnittenes MOLLE-Gewebe, um die Befestigung von kompatiblem Zubeh\u00f6r und Taschen zu erm\u00f6glichen und eine Jacke oder Ausr\u00fcstung f\u00fcr den schnellen Zugriff zu transportieren. Die seitlichen Stretchf\u00e4cher k\u00f6nnen Wasserflaschen und l\u00e4ngere Gegenst\u00e4nde wie ein Stativ, ein Fernglas oder Wanderst\u00f6cke aufnehmen.<\/p>\n<p>Die Befestigungsriemen des Versorgungspanels werden die Ausr\u00fcstung an der Seite fest fixieren oder helfen, einen teilweise gef\u00fcllten Rucksack zusammenzudr\u00fccken. Oben im Deckel finden Sie kleine Ordnungshilfen wie eine rei\u00dfverschlossene Netztasche und eine Magazintasche.<\/p>\n<p>Kompatibel mit unserem Standard-H\u00fcftgurt, um bei schwereren Lasten die Gewichtsverteilung zu unterst\u00fctzen.<\/p>\n<h2>Abmessungen<\/h2>\n<p>Volumen: 835 c.i. \/ 13,68 L<br \/>\nGewicht: 2,50 lbs<br \/>\nAbmessungen: 18,25H x 7B x 6,5T<\/p>\n<h2>Eigenschaften<\/h2>\n<p>Lasergeschnittenes MOLLE-Panel auf der Vorderseite zum Anbringen von Au\u00dfenausr\u00fcstung<br \/>\nOrganisatorischer Deckel oben mit Netzfach f\u00fcr Zubeh\u00f6r<br \/>\nVerstellbarer Schultergurt<br \/>\nSchlitz f\u00fcr einen verstellbaren H\u00fcftgurt, um zus\u00e4tzliches Gewicht zu tragen<br \/>\nDer Hauptfachrei\u00dfverschluss \u00f6ffnet sich von oben nach unten, um vollen Zugriff zu erm\u00f6glichen<br \/>\nInnenliegende Halterung zum Befestigen von 2-Liter- oder 3-Liter-Source\u00ae-Trinkblasenbeh\u00e4ltern<\/p>\n","protected":false},"excerpt":{"rendered":"<p>Der vielseitigste Rucksack in unserem Alltagsrucksack-Sortiment, der Bandit\u2122, ist speziell f\u00fcr ganztagige Jagd- und Wandertouren konzipiert. Das externe Versorgungspanel verf\u00fcgt \u00fcber lasergeschnittenes MOLLE-Gewebe, um die Befestigung kompatibler Zubeh\u00f6rteile und Taschen sowie das schnelle Verstauen einer Jacke oder von Ausr\u00fcstung zu erm\u00f6glichen. Die seitlichen Stretchf\u00e4cher k\u00f6nnen Wasserflaschen und l\u00e4ngere Gegenst\u00e4nde wie ein Stativ, ein Beobachtungsfernrohr oder Trekking-St\u00f6cke aufnehmen.<\/p>\n","protected":false},"featured_media":704267,"template":"","meta":{"_acf_changed":false},"product_brand":[15152],"product_cat":[12051],"product_tag":[],"class_list":{"0":"post-704238","1":"product","2":"type-product","3":"status-publish","4":"has-post-thumbnail","6":"product_brand-eberlestock","7":"product_cat-rucksaecke","9":"first","10":"instock","11":"taxable","12":"shipping-taxable","13":"purchasable","14":"product-type-variable","15":"wvs-archive-product-wrapper"},"acf":[],"_links":{"self":[{"href":"https:\/\/nbg.eu\/de\/wp-json\/wp\/v2\/product\/704238","targetHints":{"allow":["GET"]}}],"collection":[{"href":"https:\/\/nbg.eu\/de\/wp-json\/wp\/v2\/product"}],"about":[{"href":"https:\/\/nbg.eu\/de\/wp-json\/wp\/v2\/types\/product"}],"wp:featuredmedia":[{"embeddable":true,"href":"https:\/\/nbg.eu\/de\/wp-json\/wp\/v2\/media\/704267"}],"wp:attachment":[{"href":"https:\/\/nbg.eu\/de\/wp-json\/wp\/v2\/media?parent=704238"}],"wp:term":[{"taxonomy":"product_brand","embeddable":true,"href":"https:\/\/nbg.eu\/de\/wp-json\/wp\/v2\/product_brand?post=704238"},{"taxonomy":"product_cat","embeddable":true,"href":"https:\/\/nbg.eu\/de\/wp-json\/wp\/v2\/product_cat?post=704238"},{"taxonomy":"product_tag","embeddable":true,"href":"https:\/\/nbg.eu\/de\/wp-json\/wp\/v2\/product_tag?post=704238"}],"curies":[{"name":"wp","href":"https:\/\/api.w.org\/{rel}","templated":true}]}}