{"id":704037,"date":"2025-12-23T12:03:47","date_gmt":"2025-12-23T09:03:47","guid":{"rendered":"https:\/\/nbg.eu\/product\/sac-bando\/"},"modified":"2026-04-15T14:19:24","modified_gmt":"2026-04-15T11:19:24","slug":"sac-bando","status":"publish","type":"product","link":"https:\/\/nbg.eu\/fr\/produit\/sac-bando\/","title":{"rendered":"Eberlestock Sac Bando"},"content":{"rendered":"<h2>Sac Bando : transport pratique et l\u00e9ger des effets personnels<\/h2>\n<p>Le sac Bando est un moyen l\u00e9ger et pratique de transporter vos articles d&rsquo;EDC (\u00e9quipement de tous les jours). Une poche arri\u00e8re zipp\u00e9e sur toute la longueur du sac Bando mesure 5,5 po de haut x 9,5 po de large x 1 po de profondeur, suffisamment grande pour s\u00e9curiser la plupart des armes de poing sous-compactes et compactes comme le Glock-19 et celles de taille similaire. Le compartiment principal comporte une poche int\u00e9rieure zipp\u00e9e en maille et deux poches de rangement. Une petite poche avant zipp\u00e9e est parfaite pour les cl\u00e9s, les c\u00e2bles ou d&rsquo;autres petits articles. La longueur de la ceinture de taille est r\u00e9glable de 31,5 po \u00e0 44 po.<\/p>\n<h2>Caract\u00e9ristiques principales<\/h2>\n<ul>\n<li>Poche arri\u00e8re zipp\u00e9e sur toute la longueur<\/li>\n<li>Poche int\u00e9rieure zipp\u00e9e en maille<\/li>\n<li>Deux poches de rangement int\u00e9rieures<\/li>\n<li>Petite poche avant zipp\u00e9e<\/li>\n<li>Ceinture de taille r\u00e9glable (31,5 po &#8211; 44 po)<\/li>\n<li>Douille int\u00e9gr\u00e9e pour transporter un garrot facilement<\/li>\n<\/ul>\n","protected":false},"excerpt":{"rendered":"<p>Le sac Bando est un moyen l\u00e9ger et pratique de transporter vos articles EDC. S&rsquo;adapte \u00e0 la plupart des armes de poing, du plus compact au plus grand.<\/p>\n","protected":false},"featured_media":704062,"template":"","meta":{"_acf_changed":false},"product_brand":[15151],"product_cat":[12133],"product_tag":[],"class_list":{"0":"post-704037","1":"product","2":"type-product","3":"status-publish","4":"has-post-thumbnail","6":"product_brand-eberlestock","7":"product_cat-sacs-de-tir","9":"first","10":"instock","11":"taxable","12":"shipping-taxable","13":"purchasable","14":"product-type-variable","15":"wvs-archive-product-wrapper"},"acf":[],"_links":{"self":[{"href":"https:\/\/nbg.eu\/fr\/wp-json\/wp\/v2\/product\/704037","targetHints":{"allow":["GET"]}}],"collection":[{"href":"https:\/\/nbg.eu\/fr\/wp-json\/wp\/v2\/product"}],"about":[{"href":"https:\/\/nbg.eu\/fr\/wp-json\/wp\/v2\/types\/product"}],"wp:featuredmedia":[{"embeddable":true,"href":"https:\/\/nbg.eu\/fr\/wp-json\/wp\/v2\/media\/704062"}],"wp:attachment":[{"href":"https:\/\/nbg.eu\/fr\/wp-json\/wp\/v2\/media?parent=704037"}],"wp:term":[{"taxonomy":"product_brand","embeddable":true,"href":"https:\/\/nbg.eu\/fr\/wp-json\/wp\/v2\/product_brand?post=704037"},{"taxonomy":"product_cat","embeddable":true,"href":"https:\/\/nbg.eu\/fr\/wp-json\/wp\/v2\/product_cat?post=704037"},{"taxonomy":"product_tag","embeddable":true,"href":"https:\/\/nbg.eu\/fr\/wp-json\/wp\/v2\/product_tag?post=704037"}],"curies":[{"name":"wp","href":"https:\/\/api.w.org\/{rel}","templated":true}]}}