{"id":749702,"date":"2026-04-24T11:17:35","date_gmt":"2026-04-24T08:17:35","guid":{"rendered":"https:\/\/nbg.eu\/product\/eberlestock-freefall-3000-sac-a-dos\/"},"modified":"2026-04-24T12:00:30","modified_gmt":"2026-04-24T09:00:30","slug":"eberlestock-freefall-3000-sac-a-dos","status":"publish","type":"product","link":"https:\/\/nbg.eu\/fr\/produit\/eberlestock-freefall-3000-sac-a-dos\/","title":{"rendered":"Eberlestock FreeFall 3000 Sac \u00e0 Dos"},"content":{"rendered":"<h2>Eberlestock FreeFall 3000 Sac \u00e0 Dos<\/h2>\n<p>L&rsquo;Eberlestock FreeFall 3000 est le grand fr\u00e8re de la s\u00e9rie FreeFall, offrant 3000 pouces cubes de capacit\u00e9 pour les missions prolong\u00e9es en milieu sauvage et les op\u00e9rations de plusieurs jours. Avec le m\u00eame design \u00e9prouv\u00e9 comprenant un cadre en aluminium robuste, sept poches int\u00e9rieures et une organisation compl\u00e8te, ce sac \u00e0 dos g\u00e8re les charges plus lourdes avec aisance.<\/p>\n<h3>Caract\u00e9ristiques principales<\/h3>\n<ul>\n<li>3000 c.i. \/ 49.2L capacity<\/li>\n<li>Spacious top lid<\/li>\n<li>Seven interior pockets<\/li>\n<li>Water bladder sleeve<\/li>\n<li>Compression straps<\/li>\n<li>Hip-belt pockets<\/li>\n<li>Aluminum frame<\/li>\n<li>Eberlestock Lifetime Warranty<\/li>\n<\/ul>\n<h3>Sp\u00e9cifications<\/h3>\n<table>\n<tr>\n<td><strong>Volume<\/strong><\/td>\n<td>3000 c.i. \/ 49.2L<\/td>\n<\/tr>\n<tr>\n<td><strong>Poids<\/strong><\/td>\n<td>5 lbs 1 oz<\/td>\n<\/tr>\n<tr>\n<td><strong>Cadre<\/strong><\/td>\n<td>Aluminum<\/td>\n<\/tr>\n<tr>\n<td><strong>R\u00e9f\u00e9rences<\/strong><\/td>\n<td>V8MC, V8GY, V8MB, V8ME, V8MJ, V8MM<\/td>\n<\/tr>\n<tr>\n<td><strong>Fabricant<\/strong><\/td>\n<td>Eberlestock (Entreprise de v\u00e9t\u00e9rans)<\/td>\n<\/tr>\n<\/table>\n","protected":false},"excerpt":{"rendered":"<p>L&rsquo;Eberlestock FreeFall 3000 est le grand fr\u00e8re de la s\u00e9rie FreeFall, offrant 3000 pouces cubes de capacit\u00e9 pour les missions prolong\u00e9es en milieu sauvage et les op\u00e9rations de plusieurs jours. Avec le m\u00eame design \u00e9prouv\u00e9 comprenant un cadre en aluminium robuste, sept poches int\u00e9rieures et une organisation compl\u00e8te, ce sac \u00e0 dos g\u00e8re les charges plus lourdes avec aisance.<\/p>\n","protected":false},"featured_media":749703,"template":"","meta":{"_acf_changed":false},"product_brand":[15151],"product_cat":[12137],"product_tag":[],"class_list":{"0":"post-749702","1":"product","2":"type-product","3":"status-publish","4":"has-post-thumbnail","6":"product_brand-eberlestock","7":"product_cat-sacs-a-dos","9":"first","10":"outofstock","11":"taxable","12":"shipping-taxable","13":"purchasable","14":"product-type-variable","15":"wvs-archive-product-wrapper"},"acf":[],"_links":{"self":[{"href":"https:\/\/nbg.eu\/fr\/wp-json\/wp\/v2\/product\/749702","targetHints":{"allow":["GET"]}}],"collection":[{"href":"https:\/\/nbg.eu\/fr\/wp-json\/wp\/v2\/product"}],"about":[{"href":"https:\/\/nbg.eu\/fr\/wp-json\/wp\/v2\/types\/product"}],"wp:featuredmedia":[{"embeddable":true,"href":"https:\/\/nbg.eu\/fr\/wp-json\/wp\/v2\/media\/749703"}],"wp:attachment":[{"href":"https:\/\/nbg.eu\/fr\/wp-json\/wp\/v2\/media?parent=749702"}],"wp:term":[{"taxonomy":"product_brand","embeddable":true,"href":"https:\/\/nbg.eu\/fr\/wp-json\/wp\/v2\/product_brand?post=749702"},{"taxonomy":"product_cat","embeddable":true,"href":"https:\/\/nbg.eu\/fr\/wp-json\/wp\/v2\/product_cat?post=749702"},{"taxonomy":"product_tag","embeddable":true,"href":"https:\/\/nbg.eu\/fr\/wp-json\/wp\/v2\/product_tag?post=749702"}],"curies":[{"name":"wp","href":"https:\/\/api.w.org\/{rel}","templated":true}]}}