{"id":702152,"date":"2025-12-23T11:44:19","date_gmt":"2025-12-23T08:44:19","guid":{"rendered":"https:\/\/nbg.eu\/product\/duza-plecakowa-torba-modulowa-bravo\/"},"modified":"2026-04-15T14:35:12","modified_gmt":"2026-04-15T11:35:12","slug":"duza-plecakowa-torba-modulowa-bravo","status":"publish","type":"product","link":"https:\/\/nbg.eu\/pl\/produkt\/duza-plecakowa-torba-modulowa-bravo\/","title":{"rendered":"Eberlestock Plecak na Lornetk\u0119 Bravo Modular, Large"},"content":{"rendered":"<h2>Bravo Modularny Plecak na Lornetki &#8211; Du\u017cy: Adaptacyjny No\u015bnik Optyki na Twoje Przygody na \u015awie\u017cym Powietrzu<\/h2>\n<p>Zaprojektowany z modu\u0142owo\u015bci\u0105 na pierwszym miejscu, BRAVO MODULARNY PLECAK NA LORNETKI opiera si\u0119 na platformie szelek piersiowych, kt\u00f3ra dostosowuje si\u0119 do twoich potrzeb za pomoc\u0105 zestawu akcesori\u00f3w do doposa\u017cenia. Oferuje magnetyczny, swobodny dost\u0119p do kieszeni na lornetk\u0119, przestronn\u0105 przedni\u0105 kiesze\u0144 na zamek i elastyczne kieszenie boczne. Wewn\u0119trzne smycze na lornetki zapewniaj\u0105 bezpiecze\u0144stwo urz\u0105dzenia, a niskoprofilowe skrzyd\u0142a i tylny panel kompatybilne z MOLLE pozwalaj\u0105 na bezproblemowe przymocowanie kieszeni i akcesori\u00f3w.<\/p>\n<p>Wykonany z wytrzyma\u0142ego nylonu 500D Ripstop i materia\u0142\u00f3w N140D, Bravo Modularny Plecak na Lornetki &#8211; Du\u017cy oferuje niezawodn\u0105 wydajno\u015b\u0107 na \u0142onie natury. Wa\u017c\u0105c zaledwie 14 uncji, ten wszechstronny plecak zapewnia wygodne i konfigurowalne rozwi\u0105zanie do przenoszenia optyki i niezb\u0119dnego wyposa\u017cenia.<\/p>\n<p>Wewn\u0119trzne wymiary 9&#8243;W x 5,5&#8243;S x 2,5&#8243;G i zewn\u0119trzne wymiary 9,5&#8243;W x 6,25&#8243;S x 3,5&#8243;G Bravo Modularnego Plecaka na Lornetki &#8211; Du\u017cego zapewniaj\u0105 wystarczaj\u0105c\u0105 przestrze\u0144 na pomieszczenie lornetek i innych niezb\u0119dnych element\u00f3w. Regulowane szelki na klatce piersiowej i niskoprofilowe skrzyd\u0142a kompatybilne z MOLLE gwarantuj\u0105 bezpieczne i spersonalizowane dopasowanie, umo\u017cliwiaj\u0105c dostosowanie plecaka do twoich potrzeb.<\/p>\n<p>Podnie\u015b swoje do\u015bwiadczenie w plenerze z Bravo Modularnym Plecakiem na Lornetki &#8211; Du\u017cym, wszechstronnym i adaptacyjnym rozwi\u0105zaniem do przenoszenia lornetek i niezb\u0119dnego wyposa\u017cenia. Zbadaj dost\u0119pne akcesoria, aby dostosowa\u0107 sw\u00f3j plecak i zmaksymalizowa\u0107 jego funkcjonalno\u015b\u0107, czyni\u0105c go idealnym towarzyszem na twoj\u0105 nast\u0119pn\u0105 przygod\u0119.<\/p>\n","protected":false},"excerpt":{"rendered":"<p>Modu\u0142owa klatka piersiowa z kieszeniami bez magazyn\u00f3w, kieszeni\u0105 z przodu, bokami z rozci\u0105gliwego materia\u0142u.<\/p>\n","protected":false},"featured_media":702252,"template":"","meta":{"_acf_changed":false},"product_brand":[15144],"product_cat":[15228],"product_tag":[],"class_list":{"0":"post-702152","1":"product","2":"type-product","3":"status-publish","4":"has-post-thumbnail","6":"product_brand-eberlestock","7":"product_cat-binocular-harnesses-pl","9":"first","10":"instock","11":"taxable","12":"shipping-taxable","13":"purchasable","14":"product-type-variable","15":"wvs-archive-product-wrapper"},"acf":[],"_links":{"self":[{"href":"https:\/\/nbg.eu\/pl\/wp-json\/wp\/v2\/product\/702152","targetHints":{"allow":["GET"]}}],"collection":[{"href":"https:\/\/nbg.eu\/pl\/wp-json\/wp\/v2\/product"}],"about":[{"href":"https:\/\/nbg.eu\/pl\/wp-json\/wp\/v2\/types\/product"}],"wp:featuredmedia":[{"embeddable":true,"href":"https:\/\/nbg.eu\/pl\/wp-json\/wp\/v2\/media\/702252"}],"wp:attachment":[{"href":"https:\/\/nbg.eu\/pl\/wp-json\/wp\/v2\/media?parent=702152"}],"wp:term":[{"taxonomy":"product_brand","embeddable":true,"href":"https:\/\/nbg.eu\/pl\/wp-json\/wp\/v2\/product_brand?post=702152"},{"taxonomy":"product_cat","embeddable":true,"href":"https:\/\/nbg.eu\/pl\/wp-json\/wp\/v2\/product_cat?post=702152"},{"taxonomy":"product_tag","embeddable":true,"href":"https:\/\/nbg.eu\/pl\/wp-json\/wp\/v2\/product_tag?post=702152"}],"curies":[{"name":"wp","href":"https:\/\/api.w.org\/{rel}","templated":true}]}}