{"id":704233,"date":"2025-12-23T12:08:03","date_gmt":"2025-12-23T09:08:03","guid":{"rendered":"https:\/\/nbg.eu\/product\/bando-de-bandidos\/"},"modified":"2026-04-24T15:10:28","modified_gmt":"2026-04-24T12:10:28","slug":"bando-de-bandidos","status":"publish","type":"product","link":"https:\/\/nbg.eu\/pt-pt\/produto\/bando-de-bandidos\/","title":{"rendered":"Eberlestock Bandit Mochila"},"content":{"rendered":"<h2>Mochila Bandit &#8211; O Companheiro Vers\u00e1til para Aventuras Diurnas<\/h2>\n<p>A mochila mais vers\u00e1til da nossa linha de transporte di\u00e1rio, o Bandit\u2122 \u00e9 desenvolvido para ca\u00e7adas e caminhadas diurnas. O painel de utilidade externa possui uma treli\u00e7a MOLLE cortada a laser para permitir a fixa\u00e7\u00e3o de acess\u00f3rios e bolsos compat\u00edveis, e carregar um casaco ou equipamento para acesso r\u00e1pido. Os bolsos laterais el\u00e1sticos podem acomodar garrafas de \u00e1gua e itens mais longos, como um trip\u00e9, telesc\u00f3pio ou bast\u00f5es de caminhada.<\/p>\n<p>As al\u00e7as do painel de utilidade prender\u00e3o firmemente o equipamento na lateral, ou ajudar\u00e3o a comprimir uma mochila parcialmente cheia. Dentro da tampa superior, voc\u00ea encontrar\u00e1 organizadores de pequenos itens, como um bolso de tela com z\u00edper e um bolso para revista.<\/p>\n<p>Compat\u00edvel com nosso Cinto Padr\u00e3o para ajudar na distribui\u00e7\u00e3o de peso em cargas mais pesadas.<\/p>\n<h2>Dimens\u00f5es<\/h2>\n<p>Volume: 835 c.i. \/ 13,68 L<br \/>\nPeso: 2,50 lbs<br \/>\nDimens\u00f5es: 18,25A x 7L x 6,5P<\/p>\n<h2>Recursos<\/h2>\n<p>Painel MOLLE cortado a laser na frente para fixar equipamentos externos<br \/>\nTampa organizacional superior com bolso de tela para acess\u00f3rios<br \/>\nArn\u00eas de ombro ajust\u00e1vel<br \/>\nRanhura para um cinto de quadril ajust\u00e1vel para carregar peso adicional<br \/>\nO compartimento principal abre de cima a baixo para permitir acesso total<br \/>\nClipe interno para fixar os reservat\u00f3rios de hidrata\u00e7\u00e3o Source\u00ae de 2L ou 3L<\/p>\n","protected":false},"excerpt":{"rendered":"<p>O Bandit\u2122, o mais vers\u00e1til na nossa linha de bolsas para uso di\u00e1rio, \u00e9 projetado com o prop\u00f3sito de ca\u00e7adas e caminhadas durante todo o dia. O painel utilit\u00e1rio externo possui uma malha MOLLE cortada a laser, permitindo a fixa\u00e7\u00e3o de acess\u00f3rios e bolsos compat\u00edveis, al\u00e9m de carregar um casaco ou equipamento para acesso r\u00e1pido. Os bolsos laterais el\u00e1sticos podem acomodar garrafas de \u00e1gua e itens maiores, como trip\u00e9, luneta ou bast\u00f5es de caminhada.<\/p>\n","protected":false},"featured_media":704255,"template":"","meta":{"_acf_changed":false},"product_brand":[15145],"product_cat":[12481],"product_tag":[],"class_list":{"0":"post-704233","1":"product","2":"type-product","3":"status-publish","4":"has-post-thumbnail","6":"product_brand-eberlestock","7":"product_cat-mochilas","9":"first","10":"instock","11":"taxable","12":"shipping-taxable","13":"purchasable","14":"product-type-variable","15":"wvs-archive-product-wrapper"},"acf":[],"_links":{"self":[{"href":"https:\/\/nbg.eu\/pt-pt\/wp-json\/wp\/v2\/product\/704233","targetHints":{"allow":["GET"]}}],"collection":[{"href":"https:\/\/nbg.eu\/pt-pt\/wp-json\/wp\/v2\/product"}],"about":[{"href":"https:\/\/nbg.eu\/pt-pt\/wp-json\/wp\/v2\/types\/product"}],"wp:featuredmedia":[{"embeddable":true,"href":"https:\/\/nbg.eu\/pt-pt\/wp-json\/wp\/v2\/media\/704255"}],"wp:attachment":[{"href":"https:\/\/nbg.eu\/pt-pt\/wp-json\/wp\/v2\/media?parent=704233"}],"wp:term":[{"taxonomy":"product_brand","embeddable":true,"href":"https:\/\/nbg.eu\/pt-pt\/wp-json\/wp\/v2\/product_brand?post=704233"},{"taxonomy":"product_cat","embeddable":true,"href":"https:\/\/nbg.eu\/pt-pt\/wp-json\/wp\/v2\/product_cat?post=704233"},{"taxonomy":"product_tag","embeddable":true,"href":"https:\/\/nbg.eu\/pt-pt\/wp-json\/wp\/v2\/product_tag?post=704233"}],"curies":[{"name":"wp","href":"https:\/\/api.w.org\/{rel}","templated":true}]}}