{"id":688914,"date":"2025-12-22T15:33:09","date_gmt":"2025-12-22T12:33:09","guid":{"rendered":"https:\/\/nbg.eu\/product\/hyllus-duffel-militar-verde-45-litri\/"},"modified":"2026-04-15T14:39:32","modified_gmt":"2026-04-15T11:39:32","slug":"hyllus-duffel-militar-verde-45-litri","status":"publish","type":"product","link":"https:\/\/nbg.eu\/ro\/produs\/hyllus-duffel-militar-verde-45-litri\/","title":{"rendered":"Eberlestock Geant\u0103 de Voiaj Hyllus &#8211; 45 Litri"},"content":{"rendered":"<h2>Hyllus Duffel &#8211; 45 Litri<\/h2>\n<p>Hyllus Duffel este o geant\u0103 de c\u0103l\u0103torie rezistent\u0103 la ap\u0103 \u0219i ultra-durabil\u0103, perfect\u0103 pentru organizarea echipamentului \u00een ma\u0219in\u0103 sau \u00een compartimentul de bagaje. Fundul \u0219i pere\u021bii laterali sunt realiza\u021bi din Nylon c\u0103ptu\u0219it cu TPU 1000D, iar partea de sus este din Nylon ripstop c\u0103ptu\u0219it cu TPU 500D.<\/p>\n<p>Buzunarele interioare \u0219i exterioare acoperite cu fermoare faciliteaz\u0103 organizarea obiectelor mici \u0219i le asigur\u0103 siguran\u021ba, \u00een timp ce o deschidere larg\u0103 a compartimentului principal permite depozitarea rapid\u0103 a \u00eembr\u0103c\u0103mintei \u0219i a obiectelor mari. Hyllus este prev\u0103zut cu o curea de prindere pentru a fi ata\u0219at comod la m\u00e2nerul telescopic al unei valize.<\/p>\n<h2>Dimensiuni<\/h2>\n<p>Volum 45L: 2746ci<br \/>\nGreutate 45L: 2Lb<br \/>\nDimensiuni 45L: 10Hx22Lx12W<\/p>\n<h2>Caracteristici<\/h2>\n<ul>\n<li>Construc\u021bie rezistent\u0103 la ap\u0103<\/li>\n<li>Compartiment principal mare cu buzunare interioare acoperite cu fermoare pentru organizare<\/li>\n<li>Buzunare exterioare acoperite cu fermoare pe ambele laturi \u0219i \u00een fa\u021b\u0103<\/li>\n<li>Curele de transport pentru geant\u0103<\/li>\n<\/ul>\n","protected":false},"excerpt":{"rendered":"<p>Geanta Hyllus Duffel este o geant\u0103 rezistent\u0103 la ap\u0103, extrem de durabil\u0103 de 45L, perfect\u0103 pentru echipamente \u00een camionet\u0103 sau \u00een compartimentul de bagaje de m\u00e2n\u0103.<\/p>\n","protected":false},"featured_media":705375,"template":"","meta":{"_acf_changed":false},"product_brand":[15156],"product_cat":[12735],"product_tag":[],"class_list":{"0":"post-688914","1":"product","2":"type-product","3":"status-publish","4":"has-post-thumbnail","6":"product_brand-eberlestock","7":"product_cat-genti-de-tragere","9":"first","10":"instock","11":"taxable","12":"shipping-taxable","13":"purchasable","14":"product-type-variable","15":"wvs-archive-product-wrapper"},"acf":[],"_links":{"self":[{"href":"https:\/\/nbg.eu\/ro\/wp-json\/wp\/v2\/product\/688914","targetHints":{"allow":["GET"]}}],"collection":[{"href":"https:\/\/nbg.eu\/ro\/wp-json\/wp\/v2\/product"}],"about":[{"href":"https:\/\/nbg.eu\/ro\/wp-json\/wp\/v2\/types\/product"}],"wp:featuredmedia":[{"embeddable":true,"href":"https:\/\/nbg.eu\/ro\/wp-json\/wp\/v2\/media\/705375"}],"wp:attachment":[{"href":"https:\/\/nbg.eu\/ro\/wp-json\/wp\/v2\/media?parent=688914"}],"wp:term":[{"taxonomy":"product_brand","embeddable":true,"href":"https:\/\/nbg.eu\/ro\/wp-json\/wp\/v2\/product_brand?post=688914"},{"taxonomy":"product_cat","embeddable":true,"href":"https:\/\/nbg.eu\/ro\/wp-json\/wp\/v2\/product_cat?post=688914"},{"taxonomy":"product_tag","embeddable":true,"href":"https:\/\/nbg.eu\/ro\/wp-json\/wp\/v2\/product_tag?post=688914"}],"curies":[{"name":"wp","href":"https:\/\/api.w.org\/{rel}","templated":true}]}}