{"id":704044,"date":"2025-12-23T12:03:47","date_gmt":"2025-12-23T09:03:47","guid":{"rendered":"https:\/\/nbg.eu\/product\/geanta-bando\/"},"modified":"2026-04-15T14:38:24","modified_gmt":"2026-04-15T11:38:24","slug":"geanta-bando","status":"publish","type":"product","link":"https:\/\/nbg.eu\/ro\/produs\/geanta-bando\/","title":{"rendered":"Eberlestock Geant\u0103 Bando"},"content":{"rendered":"<h2>Geant\u0103 Bando: Transport convenabil \u0219i u\u0219or pentru EDC<\/h2>\n<p>Geanta Bando este o modalitate u\u0219oar\u0103 \u0219i convenabil\u0103 de a transporta articolele EDC. O buzunar cu fermoar pe spatele Bando m\u0103soar\u0103 5,5&#8243; h x 9,5&#8243; l x 1&#8243; a, suficient de mare pentru a asigura majoritatea armelor subcompacte \u0219i compacte, cum ar fi Glock-19 \u0219i cele de dimensiuni similare. Compartimentul principal prezint\u0103 o buzunar interior cu fermoar din plas\u0103 \u0219i dou\u0103 buzunare de alunecare pentru organizare suplimentar\u0103. Un mic buzunar frontal cu fermoar este perfect pentru chei, cabluri sau alte articole mici. Lungimea curelei de talie este reglabil\u0103 de la 31,5&#8243; la 44&#8243;.<\/p>\n<h2>Caracteristici cheie<\/h2>\n<ul>\n<li>Buzunar spate cu fermoar complet<\/li>\n<li>Buzunar interior cu fermoar din plas\u0103<\/li>\n<li>Dou\u0103 buzunare interioare de alunecare<\/li>\n<li>Buzunar frontal mic cu fermoar<\/li>\n<li>Curea de talie reglabil\u0103 (31,5&#8243;-44&#8243;)<\/li>\n<li>M\u00e2nec\u0103 integrat\u0103 pentru a transporta convenabil un garou<\/li>\n<\/ul>\n","protected":false},"excerpt":{"rendered":"<p>Geanta Bando este o modalitate u\u0219oar\u0103 \u0219i convenabil\u0103 de a v\u0103 transporta articolele EDC. Se potrive\u0219te celei mai multe arme de m\u00e2n\u0103, de la dimensiuni compacte la dimensiuni pline.<\/p>\n","protected":false},"featured_media":704072,"template":"","meta":{"_acf_changed":false},"product_brand":[15156],"product_cat":[12735],"product_tag":[],"class_list":{"0":"post-704044","1":"product","2":"type-product","3":"status-publish","4":"has-post-thumbnail","6":"product_brand-eberlestock","7":"product_cat-genti-de-tragere","9":"first","10":"instock","11":"taxable","12":"shipping-taxable","13":"purchasable","14":"product-type-variable","15":"wvs-archive-product-wrapper"},"acf":[],"_links":{"self":[{"href":"https:\/\/nbg.eu\/ro\/wp-json\/wp\/v2\/product\/704044","targetHints":{"allow":["GET"]}}],"collection":[{"href":"https:\/\/nbg.eu\/ro\/wp-json\/wp\/v2\/product"}],"about":[{"href":"https:\/\/nbg.eu\/ro\/wp-json\/wp\/v2\/types\/product"}],"wp:featuredmedia":[{"embeddable":true,"href":"https:\/\/nbg.eu\/ro\/wp-json\/wp\/v2\/media\/704072"}],"wp:attachment":[{"href":"https:\/\/nbg.eu\/ro\/wp-json\/wp\/v2\/media?parent=704044"}],"wp:term":[{"taxonomy":"product_brand","embeddable":true,"href":"https:\/\/nbg.eu\/ro\/wp-json\/wp\/v2\/product_brand?post=704044"},{"taxonomy":"product_cat","embeddable":true,"href":"https:\/\/nbg.eu\/ro\/wp-json\/wp\/v2\/product_cat?post=704044"},{"taxonomy":"product_tag","embeddable":true,"href":"https:\/\/nbg.eu\/ro\/wp-json\/wp\/v2\/product_tag?post=704044"}],"curies":[{"name":"wp","href":"https:\/\/api.w.org\/{rel}","templated":true}]}}