{"id":703283,"date":"2025-12-23T12:02:01","date_gmt":"2025-12-23T09:02:01","guid":{"rendered":"https:\/\/nbg.eu\/product\/velika-bando-torba\/"},"modified":"2026-04-15T14:42:02","modified_gmt":"2026-04-15T11:42:02","slug":"velika-bando-torba","status":"publish","type":"product","link":"https:\/\/nbg.eu\/sl\/izdelek\/velika-bando-torba\/","title":{"rendered":"Eberlestock Torba Bando XL"},"content":{"rendered":"<h2>Bando Bag-XL: Ve\u010dnamenski in priro\u010den EDC nosilec<\/h2>\n<p>Bando Bag-XL je lahek in priro\u010den na\u010din za prena\u0161anje va\u0161ih vsakodnevnih predmetov (EDC). Zadnji \u017eepek z zadrgo na Bando Bag-XL meri 6&#8243;v x 11&#8243;\u0161 x 3&#8243;g, dovolj velik za zavarovanje ve\u010dine polavtomatskih pi\u0161tol in manj\u0161ega strelnega oro\u017eja. Glavni predal ima notranji mre\u017easti zadrgan \u017eep in dva \u017eepa za dodatno organizacijo, medtem ko je majhen zadrgan sprednji \u017eep idealen za klju\u010de, kable ali druge majhne predmete.<\/p>\n<p>Nastavljiv pas na Bando Bag-XL omogo\u010da prilagojeno prileganje, ki sega od 31,5&#8243; do 44&#8243; v dol\u017eino. Bando Bag-XL bo vklju\u010deval tudi integrirani rokav za priro\u010dno no\u0161enje obvezilnega kompleta pod vrhom glavnega predala, kar omogo\u010da enostaven dostop do tega nujne opreme za nujne primere.<\/p>\n<h2>Klju\u010dne lastnosti:<\/h2>\n<ul>\n<li>-Zadnji zadrgan \u017eep (6&#8243;v x 11&#8243;\u0161 x 3&#8243;g) za shranjevanje strelnega oro\u017eja<\/li>\n<li>-Notranji mre\u017easti zadrgan \u017eep in dva \u017eepa za organizacijo<\/li>\n<li>-Majhen zadrgan sprednji \u017eep za klju\u010de, kable in druge majhne predmete<\/li>\n<li>-Nastavljiv pas (31,5&#8243;-44&#8243;)<\/li>\n<li>-Integrirani rokav za no\u0161enje obvezilnega kompleta<\/li>\n<\/ul>\n","protected":false},"excerpt":{"rendered":"<p>Lahka, povsem zaprta EDC torba z \u017eepom velikosti 6&#8243;v x 11&#8243;\u0161 x 3&#8243;g, primernim za pi\u0161tolo polne velikosti.<\/p>\n","protected":false},"featured_media":703317,"template":"","meta":{"_acf_changed":false},"product_brand":[15147],"product_cat":[13423],"product_tag":[],"class_list":{"0":"post-703283","1":"product","2":"type-product","3":"status-publish","4":"has-post-thumbnail","6":"product_brand-eberlestock","7":"product_cat-torbe-za-strelisce","9":"first","10":"instock","11":"taxable","12":"shipping-taxable","13":"purchasable","14":"product-type-variable","15":"wvs-archive-product-wrapper"},"acf":[],"_links":{"self":[{"href":"https:\/\/nbg.eu\/sl\/wp-json\/wp\/v2\/product\/703283","targetHints":{"allow":["GET"]}}],"collection":[{"href":"https:\/\/nbg.eu\/sl\/wp-json\/wp\/v2\/product"}],"about":[{"href":"https:\/\/nbg.eu\/sl\/wp-json\/wp\/v2\/types\/product"}],"wp:featuredmedia":[{"embeddable":true,"href":"https:\/\/nbg.eu\/sl\/wp-json\/wp\/v2\/media\/703317"}],"wp:attachment":[{"href":"https:\/\/nbg.eu\/sl\/wp-json\/wp\/v2\/media?parent=703283"}],"wp:term":[{"taxonomy":"product_brand","embeddable":true,"href":"https:\/\/nbg.eu\/sl\/wp-json\/wp\/v2\/product_brand?post=703283"},{"taxonomy":"product_cat","embeddable":true,"href":"https:\/\/nbg.eu\/sl\/wp-json\/wp\/v2\/product_cat?post=703283"},{"taxonomy":"product_tag","embeddable":true,"href":"https:\/\/nbg.eu\/sl\/wp-json\/wp\/v2\/product_tag?post=703283"}],"curies":[{"name":"wp","href":"https:\/\/api.w.org\/{rel}","templated":true}]}}