{"id":703281,"date":"2025-12-23T12:02:01","date_gmt":"2025-12-23T09:02:01","guid":{"rendered":"https:\/\/nbg.eu\/product\/bando-vaska-xl\/"},"modified":"2026-04-15T14:45:36","modified_gmt":"2026-04-15T11:45:36","slug":"bando-vaska-xl","status":"publish","type":"product","link":"https:\/\/nbg.eu\/sv\/produkt\/bando-vaska-xl\/","title":{"rendered":"Eberlestock V\u00e4ska Bando XL"},"content":{"rendered":"<h2>Bando Bag-XL: M\u00e5ngsidig och bekv\u00e4m EDC-b\u00e4rare<\/h2>\n<p>Bando Bag-XL \u00e4r ett l\u00e4ttgewiktigt och bekv\u00e4mt s\u00e4tt att transportera dina vardagsf\u00f6rem\u00e5l (EDC). Den helrebriskade bakfickan p\u00e5 Bando Bag-XL \u00e4r 6&#8243; h\u00f6g x 11&#8243; bred x 3&#8243; djup, tillr\u00e4ckligt stor f\u00f6r att s\u00e4kra de flesta helramar sidovapen och mindre eldvapen. Huvudfacket har en inre n\u00e4thylsficka och tv\u00e5 \u00f6ppna fickor f\u00f6r ytterligare organisering, medan en liten framrezipad ficka \u00e4r perfekt f\u00f6r nycklar, sladdar eller andra sm\u00e5 f\u00f6rem\u00e5l.<\/p>\n<p>Det justerbara midjeremmen p\u00e5 Bando Bag-XL m\u00f6jligg\u00f6r en anpassad passform, fr\u00e5n 31,5&#8243; till 44&#8243; i l\u00e4ngd. Bando Bag-XL kommer \u00e4ven att inneh\u00e5lla en integrerad hylsa f\u00f6r att bekv\u00e4mt b\u00e4ra en tourniquet under \u00f6verdelen av huvudfacket, vilket ger enkel \u00e5tkomst till denna viktiga n\u00f6dutrustning.<\/p>\n<h2>Nyckelfunktioner:<\/h2>\n<ul>\n<li>-Helrebinskad bakficka (6&#8243; h x 11&#8243; b x 3&#8243; d) f\u00f6r f\u00f6rvaring av sidovapen<\/li>\n<li>-Inre n\u00e4thylsficka och tv\u00e5 \u00f6ppna fickor f\u00f6r organisering<\/li>\n<li>-Liten framrezipad ficka f\u00f6r nycklar, sladdar och andra sm\u00e5 f\u00f6rem\u00e5l<\/li>\n<li>-Justerbart midjerem (31,5&#8243; &#8211; 44&#8243;)<\/li>\n<li>-Integrerad hylsa f\u00f6r att b\u00e4ra en tourniquet<\/li>\n<\/ul>\n","protected":false},"excerpt":{"rendered":"<p>L\u00e4ttviktig, helfullsl\u00e4pps-EDC-v\u00e4ska med ficka p\u00e5 6&#8243;h x 11&#8243;b x 3&#8243;d f\u00f6r fullstora sidovapen.<\/p>\n","protected":false},"featured_media":703333,"template":"","meta":{"_acf_changed":false},"product_brand":[15158],"product_cat":[12993],"product_tag":[],"class_list":{"0":"post-703281","1":"product","2":"type-product","3":"status-publish","4":"has-post-thumbnail","6":"product_brand-eberlestock","7":"product_cat-skjutvaeskor","9":"first","10":"instock","11":"taxable","12":"shipping-taxable","13":"purchasable","14":"product-type-variable","15":"wvs-archive-product-wrapper"},"acf":[],"_links":{"self":[{"href":"https:\/\/nbg.eu\/sv\/wp-json\/wp\/v2\/product\/703281","targetHints":{"allow":["GET"]}}],"collection":[{"href":"https:\/\/nbg.eu\/sv\/wp-json\/wp\/v2\/product"}],"about":[{"href":"https:\/\/nbg.eu\/sv\/wp-json\/wp\/v2\/types\/product"}],"wp:featuredmedia":[{"embeddable":true,"href":"https:\/\/nbg.eu\/sv\/wp-json\/wp\/v2\/media\/703333"}],"wp:attachment":[{"href":"https:\/\/nbg.eu\/sv\/wp-json\/wp\/v2\/media?parent=703281"}],"wp:term":[{"taxonomy":"product_brand","embeddable":true,"href":"https:\/\/nbg.eu\/sv\/wp-json\/wp\/v2\/product_brand?post=703281"},{"taxonomy":"product_cat","embeddable":true,"href":"https:\/\/nbg.eu\/sv\/wp-json\/wp\/v2\/product_cat?post=703281"},{"taxonomy":"product_tag","embeddable":true,"href":"https:\/\/nbg.eu\/sv\/wp-json\/wp\/v2\/product_tag?post=703281"}],"curies":[{"name":"wp","href":"https:\/\/api.w.org\/{rel}","templated":true}]}}