{"id":704243,"date":"2025-12-23T12:08:03","date_gmt":"2025-12-23T09:08:03","guid":{"rendered":"https:\/\/nbg.eu\/product\/bandittpaket\/"},"modified":"2026-04-24T15:10:46","modified_gmt":"2026-04-24T12:10:46","slug":"bandittpaket","status":"publish","type":"product","link":"https:\/\/nbg.eu\/sv\/produkt\/bandittpaket\/","title":{"rendered":"Eberlestock Bandit Ryggs\u00e4ck"},"content":{"rendered":"<h2>Bandit-ryggs\u00e4ck &#8211; Den m\u00e5ngsidiga f\u00f6ljeslagaren f\u00f6r dagsl\u00e5nga \u00e4ventyr<\/h2>\n<p>Den mest m\u00e5ngsidiga ryggs\u00e4cken i v\u00e5rt sortiment f\u00f6r daglig anv\u00e4ndning, Bandit\u2122, \u00e4r byggd f\u00f6r dagsl\u00e5nga jakter och vandringar. Frontpanelen har laserskuren MOLLE-remsa som till\u00e5ter f\u00e4stning av kompatibla tillbeh\u00f6r och fickor, och f\u00f6r att b\u00e4ra en jacka eller utrustning f\u00f6r snabb \u00e5tkomst. Sidofickorna kan rymma vattenflaskor och l\u00e4ngre f\u00f6rem\u00e5l som stativ, kikare eller trekking-stavar.<\/p>\n<p>Frontpanelens remmar kan s\u00e4kra utrustning p\u00e5 sidan t\u00e4tt, eller hj\u00e4lpa till att komprimera en delvis fylld ryggs\u00e4ck. Inne i topplocket finns sm\u00e5 f\u00f6rvarbara delar som en blixtl\u00e5sficka av n\u00e4t och en magasinficka.<\/p>\n<p>Kompatibel med v\u00e5r standardmidjeb\u00e4lte f\u00f6r att hj\u00e4lpa till med viktf\u00f6rdelningen vid tyngre laster.<\/p>\n<h2>M\u00e5tt<\/h2>\n<p>Volym: 835 c.i. \/ 13,68 l<br \/>\nVikt: 2,50 lbs<br \/>\nM\u00e5tt: 18,25 H x 7 B x 6,5 D<\/p>\n<h2>Funktioner<\/h2>\n<p>Laserskuren MOLLE-panel p\u00e5 framsidan f\u00f6r att f\u00e4sta yttre utrustning<br \/>\n\u00d6versta organisationsfack med n\u00e4tficka f\u00f6r tillbeh\u00f6r<br \/>\nJusterbar axelrem<br \/>\nPlats f\u00f6r ett justerbart midjeb\u00e4lte f\u00f6r att b\u00e4ra extra vikt<br \/>\nHuvudutrymmet kan \u00f6ppnas uppifr\u00e5n och ner f\u00f6r full \u00e5tkomst<br \/>\nInre clip f\u00f6r att s\u00e4kra 2 l eller 3 l Source\u00ae v\u00e4tskebl\u00e5sor<\/p>\n","protected":false},"excerpt":{"rendered":"<p>Den mest m\u00e5ngsidiga packen i v\u00e5r vardag b\u00e4rremsserie, Bandit\u2122 \u00e4r skapad f\u00f6r dagsvandringar och vandringshuggormar. Ytterpanelen f\u00f6r utrustning har laserskuret MOLLE-n\u00e4ttyg som till\u00e5ter montering av kompatibla tillbeh\u00f6r och fickor, och f\u00f6r att b\u00e4ra en jacka eller utrustning f\u00f6r snabb \u00e5tkomst. De str\u00e4ckbara sidofickorna kan h\u00e5lla vattenflaskor och l\u00e4ngre f\u00f6rem\u00e5l som ett stativ, spaningstubb eller vandringsstavar.<\/p>\n","protected":false},"featured_media":704279,"template":"","meta":{"_acf_changed":false},"product_brand":[15158],"product_cat":[12997],"product_tag":[],"class_list":{"0":"post-704243","1":"product","2":"type-product","3":"status-publish","4":"has-post-thumbnail","6":"product_brand-eberlestock","7":"product_cat-ryggsaeckar","9":"first","10":"instock","11":"taxable","12":"shipping-taxable","13":"purchasable","14":"product-type-variable","15":"wvs-archive-product-wrapper"},"acf":[],"_links":{"self":[{"href":"https:\/\/nbg.eu\/sv\/wp-json\/wp\/v2\/product\/704243","targetHints":{"allow":["GET"]}}],"collection":[{"href":"https:\/\/nbg.eu\/sv\/wp-json\/wp\/v2\/product"}],"about":[{"href":"https:\/\/nbg.eu\/sv\/wp-json\/wp\/v2\/types\/product"}],"wp:featuredmedia":[{"embeddable":true,"href":"https:\/\/nbg.eu\/sv\/wp-json\/wp\/v2\/media\/704279"}],"wp:attachment":[{"href":"https:\/\/nbg.eu\/sv\/wp-json\/wp\/v2\/media?parent=704243"}],"wp:term":[{"taxonomy":"product_brand","embeddable":true,"href":"https:\/\/nbg.eu\/sv\/wp-json\/wp\/v2\/product_brand?post=704243"},{"taxonomy":"product_cat","embeddable":true,"href":"https:\/\/nbg.eu\/sv\/wp-json\/wp\/v2\/product_cat?post=704243"},{"taxonomy":"product_tag","embeddable":true,"href":"https:\/\/nbg.eu\/sv\/wp-json\/wp\/v2\/product_tag?post=704243"}],"curies":[{"name":"wp","href":"https:\/\/api.w.org\/{rel}","templated":true}]}}